


{"id":216,"date":"2021-06-22T14:57:41","date_gmt":"2021-06-22T12:57:41","guid":{"rendered":"http:\/\/localhost\/jumelage\/?page_id=216"},"modified":"2025-03-13T13:30:16","modified_gmt":"2025-03-13T12:30:16","slug":"historique","status":"publish","type":"page","link":"http:\/\/www.jumelagecharenton.fr\/index.php\/allemagne\/historique\/","title":{"rendered":"Historique"},"content":{"rendered":"\n<h2 class=\"eplus-BtoaSl\">Signature du jumelage avec Berlin Tempelhof Sch\u00f6neberg : <\/h2>\n\n\n\n<p class=\"eplus-ETdsby\">La signature de ce jumelage le 27 janvier 1984 entre les 2 maires de l\u2019\u00e9poque,&nbsp; Messieurs Siegmund Jaroch et Alain Griotteray, a scell\u00e9 une amiti\u00e9 profonde et durable entre Berlin Tempelhof et Charenton-le-Pont. En effet, les premiers \u00e9changes entre les 2 communes ont d\u00e9marr\u00e9 plus de 7ans avant la signature officielle de la charte de jumelage. La priorit\u00e9 de l\u2019\u00e9poque \u00e9tait de lutter contre l\u2019isolement g\u00e9ographique de Berlin Ouest enclav\u00e9e \u00e0 l\u2019int\u00e9rieur de la R\u00e9publique D\u00e9mocratique Allemande. Les activit\u00e9s inscrites dans le cadre du jumelage permettaient aux participants d\u2019avoir une place dans le train militaire Strasbourg-Berlin. Les conditions \u00e9taient spartiates et il fallait obligatoirement voyager de nuit. Mais cela n\u2019a jamais frein\u00e9 les \u00e9changes&nbsp; scolaires en place depuis plus de 35 ans.<\/p>\n\n\n\n<p class=\"eplus-qplHsF\">Le quartier de Berlin Tempelhof \u00e9tait connu pour son a\u00e9roport construit en 1923 qui a \u00e9t\u00e9 le premier a\u00e9roport commercial du monde. L\u2019a\u00e9rogare est le troisi\u00e8me plus grand b\u00e2timent au monde en termes de surface au sol (derri\u00e8re le Pentagone et le Palais pr\u00e9sidentiel \u00e0 Bucarest). L\u2019a\u00e9roport a servi de pont a\u00e9rien pendant le blocus&nbsp; de Berlin en 1948\/1949. Il est ferm\u00e9 depuis 2008 et en 2010, il a \u00e9t\u00e9 reconverti en immense parc.<\/p>\n\n\n\n<p class=\"eplus-gtseah\">Lors de la r\u00e9forme administrative de 2001, les quartiers de Berlin Tempelhof et Berlin Sch\u00f6neberg (l\u2019ex Mairie de Berlin Ouest&nbsp; lors de la s\u00e9paration de Berlin devant laquelle le Pr\u00e9sident John F. Kennedy a prononc\u00e9 son discours le 26 juin 1963) ont fusionn\u00e9.&nbsp; Suite \u00e0 cette r\u00e9forme, les structures associatives mises en place dans le cadre de ce jumelage ont \u00e9t\u00e9 dissoutes et le jumelage a \u00e9t\u00e9 mis en sommeil pendant plus de 15 ans hormis les \u00e9changes scolaires entre le Coll\u00e8ge de la Cerisaie et la Gustav Heinemann Schule de Berlin.<\/p>\n\n\n\n<p class=\"eplus-PgeYyJ\">C\u2019est Ren\u00e9 Freysz, Pr\u00e9sident de la Section Allemagne en 2017 qui a renou\u00e9 les contacts avec la Mairie de Berlin Tempelhof\/Sch\u00f6neberg. Une d\u00e9l\u00e9gation charentonnaise avec le Maire Herv\u00e9 Gicquel , des \u00e9lus et des repr\u00e9sentants du Jumelage ont \u00e9t\u00e9 re\u00e7us par A. Schl\u00f6tter, Maire du quartier de Berlin Tempelhof\/Sch\u00f6neberg &nbsp;le 13 octobre 2017 \u00e0 l\u2019H\u00f4tel de Ville. Ce fut le d\u00e9but d\u2019une nouvelle \u00e9tape de ce jumelage. En avril 2019 a eu lieu la c\u00e9l\u00e9bration du 35<sup>\u00e8me<\/sup> anniversaire de ce jumelage avec la r\u00e9ception \u00e0 Charenton d\u2019une d\u00e9l\u00e9gation de Berlin &nbsp;Tempelhof\/Sch\u00f6neberg pr\u00e9sid\u00e9e par Madame le Maire A. Schl\u00f6tter.<\/p>\n\n\n\n<div class=\"wp-block-columns eplus-qTEKuV\">\n<div class=\"wp-block-column eplus-GO2GnH\">\n<div class=\"wp-block-image eplus-dI4DJq\"><figure class=\"alignright size-large\"><img loading=\"lazy\" width=\"1024\" height=\"768\" src=\"http:\/\/www.jumelagecharenton.fr\/wp-content\/uploads\/Charte-signee-en-1984-1-1024x768.jpg\" alt=\"\" class=\"wp-image-484\" srcset=\"http:\/\/www.jumelagecharenton.fr\/wp-content\/uploads\/Charte-signee-en-1984-1-1024x768.jpg 1024w, http:\/\/www.jumelagecharenton.fr\/wp-content\/uploads\/Charte-signee-en-1984-1-300x225.jpg 300w, http:\/\/www.jumelagecharenton.fr\/wp-content\/uploads\/Charte-signee-en-1984-1-768x576.jpg 768w, http:\/\/www.jumelagecharenton.fr\/wp-content\/uploads\/Charte-signee-en-1984-1-1536x1152.jpg 1536w, http:\/\/www.jumelagecharenton.fr\/wp-content\/uploads\/Charte-signee-en-1984-1-2048x1536.jpg 2048w, http:\/\/www.jumelagecharenton.fr\/wp-content\/uploads\/Charte-signee-en-1984-1-100x75.jpg 100w, http:\/\/www.jumelagecharenton.fr\/wp-content\/uploads\/Charte-signee-en-1984-1-150x113.jpg 150w, http:\/\/www.jumelagecharenton.fr\/wp-content\/uploads\/Charte-signee-en-1984-1-200x150.jpg 200w, http:\/\/www.jumelagecharenton.fr\/wp-content\/uploads\/Charte-signee-en-1984-1-450x338.jpg 450w, http:\/\/www.jumelagecharenton.fr\/wp-content\/uploads\/Charte-signee-en-1984-1-600x450.jpg 600w, http:\/\/www.jumelagecharenton.fr\/wp-content\/uploads\/Charte-signee-en-1984-1-900x675.jpg 900w\" sizes=\"(max-width: 1024px) 100vw, 1024px\" \/><\/figure><\/div>\n<\/div>\n\n\n\n<div class=\"wp-block-column eplus-Pk58lB\">\n<div class=\"wp-block-image eplus-9b7ICe\"><figure class=\"alignleft size-large\"><img loading=\"lazy\" width=\"1024\" height=\"768\" src=\"http:\/\/www.jumelagecharenton.fr\/wp-content\/uploads\/signature-jumelage-1984-1024x768.jpg\" alt=\"\" class=\"wp-image-483\" srcset=\"http:\/\/www.jumelagecharenton.fr\/wp-content\/uploads\/signature-jumelage-1984-1024x768.jpg 1024w, http:\/\/www.jumelagecharenton.fr\/wp-content\/uploads\/signature-jumelage-1984-300x225.jpg 300w, http:\/\/www.jumelagecharenton.fr\/wp-content\/uploads\/signature-jumelage-1984-768x576.jpg 768w, http:\/\/www.jumelagecharenton.fr\/wp-content\/uploads\/signature-jumelage-1984-1536x1152.jpg 1536w, http:\/\/www.jumelagecharenton.fr\/wp-content\/uploads\/signature-jumelage-1984-2048x1536.jpg 2048w, http:\/\/www.jumelagecharenton.fr\/wp-content\/uploads\/signature-jumelage-1984-100x75.jpg 100w, http:\/\/www.jumelagecharenton.fr\/wp-content\/uploads\/signature-jumelage-1984-150x113.jpg 150w, http:\/\/www.jumelagecharenton.fr\/wp-content\/uploads\/signature-jumelage-1984-200x150.jpg 200w, http:\/\/www.jumelagecharenton.fr\/wp-content\/uploads\/signature-jumelage-1984-450x338.jpg 450w, http:\/\/www.jumelagecharenton.fr\/wp-content\/uploads\/signature-jumelage-1984-600x450.jpg 600w, http:\/\/www.jumelagecharenton.fr\/wp-content\/uploads\/signature-jumelage-1984-900x675.jpg 900w\" sizes=\"(max-width: 1024px) 100vw, 1024px\" \/><\/figure><\/div>\n<\/div>\n<\/div>\n\n\n\n<div style=\"height:89px\" aria-hidden=\"true\" class=\"wp-block-spacer eplus-sDEiVp\"><\/div>\n\n\n\n<h2 class=\"eplus-73ZyIg\">Signature du jumelage avec B\u00fcren : <\/h2>\n\n\n\n<p class=\"eplus-reMqgT\">Les premi\u00e8res relations entre Charenton et B\u00fcren datent de la fin des ann\u00e9es 1970. En effet, d\u00e8s 1976 on trouve trace d&rsquo;\u00e9changes entre les deux municipalit\u00e9s et l&rsquo;id\u00e9e d&rsquo;un jumelage entre les deux cit\u00e9s commence \u00e0 se dessiner.<\/p>\n\n\n\n<p class=\"eplus-TqMGih\">En 1981, Alain Griotteray, Maire de Charenton envoie en Allemagne des membres de son conseil municipal \u00e0 la suite de l&rsquo;invitation de B\u00fcren. Au cours des ann\u00e9es 1980, on enregistre des \u00e9changes r\u00e9guliers entre les jeunes de nos communes.<\/p>\n\n\n\n<p class=\"eplus-nKkcAd\">Le 23 Septembre 1989, il est enfin d\u00e9cid\u00e9 d&rsquo;officialiser le lien entre les deux villes. La c\u00e9r\u00e9monie eut lieu \u00e0 B\u00fcren, dans les locaux du lyc\u00e9e LIEBFRAUENGYMNASIUM, en compagnie des deux Maires, M. Theo Boehle (Bueren) et M. Alain Griotteray (Charenton).<\/p>\n\n\n\n<p class=\"eplus-0stnwY\">Tr\u00e8s vite, les \u00e9changes scolaires s&rsquo;acc\u00e9l\u00e8rent pour constituer un axe majeur de nos partenariats. Des centaines de jeunes du groupe scolaire Notre Dame des Missions partent en s\u00e9jour. Le comit\u00e9 de jumelage que pr\u00e9sidait Ren\u00e9 Auclair,\u00a0 \u00e0 ce moment l\u00e0, organise des voyages pour le jeunes. Il y a \u00e9galement des accueils organis\u00e9s dans les familles de B\u00fcren et de Charenton, dont de nombreuses g\u00e9n\u00e9rations ont profit\u00e9. Des liens d&rsquo;amiti\u00e9s forts entre nos habitants en sont issus.<\/p>\n\n\n\n<p class=\"eplus-nGE2ht\">Au mois de Septembre 2019, nous avons c\u00e9l\u00e9br\u00e9 les 30 ans d&rsquo;amiti\u00e9 entre nos deux communes \u00e0 Charenton. A cette occasion, un ch\u00eane, offert par la ville de B\u00fcren a \u00e9t\u00e9 symboliquement plant\u00e9 \u00e0 l&rsquo;entr\u00e9e de l&rsquo;\u00e9cole Aristide Briand par notre Maire M. Gicquel et le Maire de B\u00fcren, M. Schwuchow.<\/p>\n\n\n\n<div style=\"height:89px\" aria-hidden=\"true\" class=\"wp-block-spacer eplus-vQnukB\"><\/div>\n\n\n\n<h2 class=\"has-text-align-center eplus-xHrbml\">35\u00e8me Anniversaire Tempelhof <\/h2>\n\n\n\n<div style=\"height:19px\" aria-hidden=\"true\" class=\"wp-block-spacer eplus-fXlBgo\"><\/div>\n\n\n\n\n\n\t<div class='ngg-imagebrowser default-view'\n         id='ngg-imagebrowser-0fd30cf73314afebd7389d3ebcedfeb0-216'\n         data-nextgen-gallery-id=\"0fd30cf73314afebd7389d3ebcedfeb0\">\n\n        <h3>20180114_083511<\/h3>\n\n\t\t<div id=\"ngg-image-0\" class=\"pic\" >\n        \n        <a href='http:\/\/www.jumelagecharenton.fr\/wp-content\/gallery\/berlin-tempelhof\/20180114_083511.jpg'\n           title=' '\n           data-src=\"http:\/\/www.jumelagecharenton.fr\/wp-content\/gallery\/berlin-tempelhof\/20180114_083511.jpg\"\n           data-thumbnail=\"http:\/\/www.jumelagecharenton.fr\/wp-content\/gallery\/berlin-tempelhof\/thumbs\/thumbs_20180114_083511.jpg\"\n           data-image-id=\"41\"\n           data-title=\"20180114_083511\"\n           data-description=\" \"\n           class=\"ngg-simplelightbox\" rel=\"0fd30cf73314afebd7389d3ebcedfeb0\">\n            <img title='20180114_083511'\n                 alt='20180114_083511'\n                 src='http:\/\/www.jumelagecharenton.fr\/wp-content\/gallery\/berlin-tempelhof\/20180114_083511.jpg'\/>\n        <\/a>\n\t    \n        <\/div> \n\n        <div class='ngg-imagebrowser-nav'>\n\n            <div class='back'>\n                <a class='ngg-browser-prev'\n                   id='ngg-prev-33'\n                   href='http:\/\/www.jumelagecharenton.fr\/index.php\/allemagne\/historique\/nggallery\/image\/20180114_080005'>\n                    <i class=\"fa fa-chevron-left\" aria-hidden=\"true\"><\/i>\n                <\/a>\n            <\/div>\n\n            <div class='next'>\n                <a class='ngg-browser-next'\n                   id='ngg-next-49'\n                   href='http:\/\/www.jumelagecharenton.fr\/index.php\/allemagne\/historique\/nggallery\/image\/image'>\n                    <i class=\"fa fa-chevron-right\" aria-hidden=\"true\"><\/i>\n                <\/a>\n            <\/div>\n\n            <div class='counter'>\n                Image                1                parmi                18            <\/div>\n\n            <div class='ngg-imagebrowser-desc'>\n                <p> <\/p>\n            <\/div>\n\n        <\/div>\n    <\/div>\n\n\n\n\n\n<div style=\"height:89px\" aria-hidden=\"true\" class=\"wp-block-spacer eplus-Dae9fN\"><\/div>\n\n\n\n<h2 class=\"has-text-align-center eplus-Mhua1X\">30\u00e8me Anniversaire B\u00fcren <\/h2>\n\n\n\n<div style=\"height:19px\" aria-hidden=\"true\" class=\"wp-block-spacer eplus-oE5NJ6\"><\/div>\n\n\n\n\n\n\t<div class='ngg-imagebrowser default-view'\n         id='ngg-imagebrowser-08db094118707c60b2b98c55c3064e58-216'\n         data-nextgen-gallery-id=\"08db094118707c60b2b98c55c3064e58\">\n\n        <h3>20190914_121931<\/h3>\n\n\t\t<div id=\"ngg-image-0\" class=\"pic\" >\n        \n        <a href='http:\/\/www.jumelagecharenton.fr\/wp-content\/gallery\/anniv-30ans-buren\/20190914_121931.jpg'\n           title=' '\n           data-src=\"http:\/\/www.jumelagecharenton.fr\/wp-content\/gallery\/anniv-30ans-buren\/20190914_121931.jpg\"\n           data-thumbnail=\"http:\/\/www.jumelagecharenton.fr\/wp-content\/gallery\/anniv-30ans-buren\/thumbs\/thumbs_20190914_121931.jpg\"\n           data-image-id=\"59\"\n           data-title=\"20190914_121931\"\n           data-description=\" \"\n           class=\"ngg-simplelightbox\" rel=\"08db094118707c60b2b98c55c3064e58\">\n            <img title='20190914_121931'\n                 alt='20190914_121931'\n                 src='http:\/\/www.jumelagecharenton.fr\/wp-content\/gallery\/anniv-30ans-buren\/20190914_121931.jpg'\/>\n        <\/a>\n\t    \n        <\/div> \n\n        <div class='ngg-imagebrowser-nav'>\n\n            <div class='back'>\n                <a class='ngg-browser-prev'\n                   id='ngg-prev-51'\n                   href='http:\/\/www.jumelagecharenton.fr\/index.php\/allemagne\/historique\/nggallery\/image\/20190913_203938'>\n                    <i class=\"fa fa-chevron-left\" aria-hidden=\"true\"><\/i>\n                <\/a>\n            <\/div>\n\n            <div class='next'>\n                <a class='ngg-browser-next'\n                   id='ngg-next-68'\n                   href='http:\/\/www.jumelagecharenton.fr\/index.php\/allemagne\/historique\/nggallery\/image\/20190914_202222'>\n                    <i class=\"fa fa-chevron-right\" aria-hidden=\"true\"><\/i>\n                <\/a>\n            <\/div>\n\n            <div class='counter'>\n                Image                1                parmi                19            <\/div>\n\n            <div class='ngg-imagebrowser-desc'>\n                <p> <\/p>\n            <\/div>\n\n        <\/div>\n    <\/div>\n\n\n","protected":false},"excerpt":{"rendered":"<p>Signature du jumelage avec Berlin Tempelhof Sch\u00f6neberg : La signature de ce jumelage le 27 janvier 1984 entre les 2 maires de l\u2019\u00e9poque,&nbsp; Messieurs Siegmund Jaroch et Alain Griotteray, a scell\u00e9 une amiti\u00e9 profonde et durable entre Berlin Tempelhof et &hellip;<\/p>\n<p class=\"read-more\"> <a class=\"more-link\" href=\"http:\/\/www.jumelagecharenton.fr\/index.php\/allemagne\/historique\/\"> <span class=\"screen-reader-text\">Historique<\/span> Read More &raquo;<\/a><\/p>\n","protected":false},"author":1,"featured_media":0,"parent":29,"menu_order":2,"comment_status":"closed","ping_status":"closed","template":"full-width-page.php","meta":{"editor_plus_custom_animation_option_css":"{}","_editorskit_title_hidden":false,"_editorskit_reading_time":1,"_editorskit_typography_data":[],"_editorskit_blocks_typography":"","editor_plus_custom_css":"{\"781d83eb-ca32-457f-bf9c-e7d0c226f326\":\".eplus-BtoaSl { \\n\\n}\",\"bc588b70-da0c-4a8d-9316-66d244be72df\":\".eplus-ETdsby { \\n\\n}\",\"be08dc38-4b99-4d92-93c4-ee0cc46e4332\":\".eplus-qplHsF { \\n\\n}\",\"95f6a404-8606-4f1f-8d41-3a0612dc1d06\":\".eplus-gtseah { \\n\\n}\",\"e255cb79-392b-46fc-9752-e8056983d7ce\":\".eplus-PgeYyJ { \\n\\n}\",\"ef895c76-34d2-410b-a354-43badc7e30e4\":\".eplus-dI4DJq { \\n\\n}\",\"c7313c3b-6cd6-4928-a060-720bd3c4af8f\":\".eplus-GO2GnH { \\n\\n}\",\"0c3c77eb-bd32-47f6-b1ba-ef165954d862\":\".eplus-9b7ICe { \\n\\n}\",\"278b46ae-30af-4ed9-bbaa-bf2471777495\":\".eplus-Pk58lB { \\n\\n}\",\"a0d7b00e-654d-456c-8e6e-1774f2841589\":\".eplus-qTEKuV { \\n\\n}\",\"8f8e79b5-3f4c-4b4b-a640-6a67da0cc7a0\":\".eplus-sDEiVp { \\n\\n}\",\"9824a642-4a50-4a3d-9bcf-4557f3fd0d58\":\".eplus-73ZyIg { \\n\\n}\",\"a199168e-f8b4-4e10-8b23-bdb1a0d43a89\":\".eplus-reMqgT { \\n\\n}\",\"e20af544-5e00-4401-8574-2b9cb824d000\":\".eplus-TqMGih { \\n\\n}\",\"b4d929e7-a09d-413e-9488-fedf2e1ca9ef\":\".eplus-nKkcAd { \\n\\n}\",\"adeb191d-aa64-4e5c-ba80-1e9c1ebc94a7\":\".eplus-0stnwY { \\n\\n}\",\"f4b3878e-2acc-49ed-9444-aa9881cfd93a\":\".eplus-nGE2ht { \\n\\n}\",\"dfed98ea-d84f-4012-8fbb-290c88ea749b\":\".eplus-vQnukB { \\n\\n}\",\"aefeeb8f-6312-47f1-b15f-5ce42d23e3fa\":\".eplus-xHrbml { \\n\\n}\",\"b15d0079-01d1-47fc-9361-5def5c7fea58\":\".eplus-fXlBgo { \\n\\n}\",\"e3d2b91c-838b-4999-8433-4934681b09f0\":\".eplus-Dae9fN { \\n\\n}\",\"2f6becb0-0f15-4299-8110-9bd85a1aab0a\":\".eplus-Mhua1X { \\n\\n}\",\"838534d4-c834-4ee7-8c0c-85b12af61bd0\":\".eplus-oE5NJ6 { \\n\\n}\"}","editor_plus_custom_css_file_version":"latest-198","editor_plus_custom_styling_options_file_version":"latest-7374","editor_plus_custom_styling_options_css":"{\"781d83eb-ca32-457f-bf9c-e7d0c226f326\":\"\",\"bc588b70-da0c-4a8d-9316-66d244be72df\":\"\",\"be08dc38-4b99-4d92-93c4-ee0cc46e4332\":\"\",\"95f6a404-8606-4f1f-8d41-3a0612dc1d06\":\"\",\"e255cb79-392b-46fc-9752-e8056983d7ce\":\"\",\"ef895c76-34d2-410b-a354-43badc7e30e4\":\"\",\"c7313c3b-6cd6-4928-a060-720bd3c4af8f\":\"\",\"0c3c77eb-bd32-47f6-b1ba-ef165954d862\":\"\",\"278b46ae-30af-4ed9-bbaa-bf2471777495\":\"\",\"a0d7b00e-654d-456c-8e6e-1774f2841589\":\"\",\"8f8e79b5-3f4c-4b4b-a640-6a67da0cc7a0\":\"\",\"9824a642-4a50-4a3d-9bcf-4557f3fd0d58\":\"\",\"a199168e-f8b4-4e10-8b23-bdb1a0d43a89\":\"\",\"e20af544-5e00-4401-8574-2b9cb824d000\":\"\",\"b4d929e7-a09d-413e-9488-fedf2e1ca9ef\":\"\",\"adeb191d-aa64-4e5c-ba80-1e9c1ebc94a7\":\"\",\"f4b3878e-2acc-49ed-9444-aa9881cfd93a\":\"\",\"dfed98ea-d84f-4012-8fbb-290c88ea749b\":\"\",\"aefeeb8f-6312-47f1-b15f-5ce42d23e3fa\":\"\",\"b15d0079-01d1-47fc-9361-5def5c7fea58\":\"\",\"e3d2b91c-838b-4999-8433-4934681b09f0\":\"\",\"2f6becb0-0f15-4299-8110-9bd85a1aab0a\":\"\",\"838534d4-c834-4ee7-8c0c-85b12af61bd0\":\"\"}","editor_plus_copied_stylings":"{}","editor_plus_extended_blocks_css":"{}","editor_plus_post_options":"{}","ngg_post_thumbnail":0},"_links":{"self":[{"href":"http:\/\/www.jumelagecharenton.fr\/index.php\/wp-json\/wp\/v2\/pages\/216"}],"collection":[{"href":"http:\/\/www.jumelagecharenton.fr\/index.php\/wp-json\/wp\/v2\/pages"}],"about":[{"href":"http:\/\/www.jumelagecharenton.fr\/index.php\/wp-json\/wp\/v2\/types\/page"}],"author":[{"embeddable":true,"href":"http:\/\/www.jumelagecharenton.fr\/index.php\/wp-json\/wp\/v2\/users\/1"}],"replies":[{"embeddable":true,"href":"http:\/\/www.jumelagecharenton.fr\/index.php\/wp-json\/wp\/v2\/comments?post=216"}],"version-history":[{"count":13,"href":"http:\/\/www.jumelagecharenton.fr\/index.php\/wp-json\/wp\/v2\/pages\/216\/revisions"}],"predecessor-version":[{"id":2774,"href":"http:\/\/www.jumelagecharenton.fr\/index.php\/wp-json\/wp\/v2\/pages\/216\/revisions\/2774"}],"up":[{"embeddable":true,"href":"http:\/\/www.jumelagecharenton.fr\/index.php\/wp-json\/wp\/v2\/pages\/29"}],"wp:attachment":[{"href":"http:\/\/www.jumelagecharenton.fr\/index.php\/wp-json\/wp\/v2\/media?parent=216"}],"curies":[{"name":"wp","href":"https:\/\/api.w.org\/{rel}","templated":true}]}}